{"id":325,"date":"2018-04-04T21:51:55","date_gmt":"2018-04-04T19:51:55","guid":{"rendered":"http:\/\/alexiskaracostas.fr\/?page_id=325"},"modified":"2019-02-08T15:12:34","modified_gmt":"2019-02-08T14:12:34","slug":"sourds-et-sante","status":"publish","type":"page","link":"https:\/\/alexiskaracostas.fr\/?page_id=325","title":{"rendered":"Sourds et sant\u00e9"},"content":{"rendered":"<h2><\/h2>\n<p>&nbsp;<\/p>\n<p>&nbsp;<\/p>\n<h2 style=\"text-align: justify;\">\u2666 Les\u00a0unit\u00e9s r\u00e9gionales hospitali\u00e8res d\u2019accueil et\u00a0de\u00a0soins pour\u00a0les\u00a0sourds (2015)<\/h2>\n<h2 style=\"text-align: justify;\">\u2666 Dire et \u00e9valuer la douleur en langue des signes (11 avril 2013)<\/h2>\n<h2 style=\"text-align: justify;\"><span style=\"color: #000000;\">\u2666 Intervention en r\u00e9union du service de g\u00e9n\u00e9tique m\u00e9dicale et clinique (20 f\u00e9vrier 2006)<\/span><\/h2>\n","protected":false},"excerpt":{"rendered":"<p>&nbsp; &nbsp; \u2666 Les\u00a0unit\u00e9s r\u00e9gionales hospitali\u00e8res d\u2019accueil et\u00a0de\u00a0soins pour\u00a0les\u00a0sourds (2015) \u2666 Dire et \u00e9valuer la douleur en langue des signes (11 avril 2013) \u2666 Intervention en r\u00e9union du service de g\u00e9n\u00e9tique m\u00e9dicale et clinique (20 f\u00e9vrier 2006)<\/p>\n","protected":false},"author":1,"featured_media":0,"parent":0,"menu_order":0,"comment_status":"closed","ping_status":"closed","template":"","meta":{"footnotes":""},"class_list":["post-325","page","type-page","status-publish","hentry"],"_links":{"self":[{"href":"https:\/\/alexiskaracostas.fr\/index.php?rest_route=\/wp\/v2\/pages\/325","targetHints":{"allow":["GET"]}}],"collection":[{"href":"https:\/\/alexiskaracostas.fr\/index.php?rest_route=\/wp\/v2\/pages"}],"about":[{"href":"https:\/\/alexiskaracostas.fr\/index.php?rest_route=\/wp\/v2\/types\/page"}],"author":[{"embeddable":true,"href":"https:\/\/alexiskaracostas.fr\/index.php?rest_route=\/wp\/v2\/users\/1"}],"replies":[{"embeddable":true,"href":"https:\/\/alexiskaracostas.fr\/index.php?rest_route=%2Fwp%2Fv2%2Fcomments&post=325"}],"version-history":[{"count":11,"href":"https:\/\/alexiskaracostas.fr\/index.php?rest_route=\/wp\/v2\/pages\/325\/revisions"}],"predecessor-version":[{"id":1349,"href":"https:\/\/alexiskaracostas.fr\/index.php?rest_route=\/wp\/v2\/pages\/325\/revisions\/1349"}],"wp:attachment":[{"href":"https:\/\/alexiskaracostas.fr\/index.php?rest_route=%2Fwp%2Fv2%2Fmedia&parent=325"}],"curies":[{"name":"wp","href":"https:\/\/api.w.org\/{rel}","templated":true}]}}